{"id":1464,"date":"2018-11-01T18:19:11","date_gmt":"2018-11-01T17:19:11","guid":{"rendered":"http:\/\/3hvtt.fr\/?page_id=1464"},"modified":"2019-03-13T00:28:16","modified_gmt":"2019-03-12T23:28:16","slug":"edition-2019","status":"publish","type":"page","link":"https:\/\/3hvtt.fr\/index.php\/edition-2019\/","title":{"rendered":"Edition 2019"},"content":{"rendered":"<p style=\"text-align: center;\">Et oui, bient\u00f4t 10 ans que le Sentier des vaches est n\u00e9 et prend de l&rsquo;ampleur,\u00a0toujours dans la convivialit\u00e9!<\/p>\n<p style=\"text-align: center;\"><strong>10 ans \u00e7a se f\u00eate!!<\/strong><\/p>\n<p style=\"text-align: center;\">et ce sera \u00a0le <strong><span style=\"color: #ff0000;\">dimanche 14 avril 2019<\/span><\/strong><\/p>\n<p style=\"text-align: center;\">au plateau de Sor\u00e9mont de Ban de Laveline comme d&rsquo;habitude.<\/p>\n<p style=\"text-align: center;\">Pour cette \u00e9dition sp\u00e9ciale,\u00a0vous allez retrouver\u00a0les\u00a0 3 parcours\u00a0des ann\u00e9es pr\u00e9c\u00e9dentes\u00a0:<\/p>\n<ul>\n<li style=\"list-style-type: none;\">\n<ul>\n<li style=\"text-align: left;\">1h30 pour les enfants<\/li>\n<\/ul>\n<\/li>\n<\/ul>\n<ul>\n<li style=\"text-align: left;\">3h pour les plus grands avec 2 niveaux de difficult\u00e9<\/li>\n<\/ul>\n<ul>\n<li style=\"text-align: left;\">mais aussi et c&rsquo;est la grande nouveaut\u00e9 &#8230;<\/li>\n<\/ul>\n<p style=\"text-align: center;\"><strong>&#8230; un super parcours de &#8230; 6 heures<\/strong>!<\/p>\n<p style=\"text-align: center;\"><strong><span style=\"color: #ff0000;\">Qui va relever le d\u00e9fi?<\/span><\/strong><\/p>\n<p style=\"text-align: center;\">Nous sommes en train de les bichonner, ces parcours! Pour votre plus grand\u00a0 plaisir!<\/p>\n<p style=\"text-align: center;\">La preuve en image:<\/p>\n<p><iframe loading=\"lazy\" title=\"[VTT] Le Sentier des Vaches - course annuelle - Vosges\" width=\"474\" height=\"267\" src=\"https:\/\/www.youtube.com\/embed\/78O9wyo6E3I?feature=oembed\" frameborder=\"0\" allow=\"accelerometer; autoplay; clipboard-write; encrypted-media; gyroscope; picture-in-picture; web-share\" referrerpolicy=\"strict-origin-when-cross-origin\" allowfullscreen><\/iframe><\/p>\n<p style=\"text-align: center;\">Pour que le plaisir soit complet vous retrouverez, \u00a0notre restauration, les animations musicales et ludiques\u00a0et, \u00e9dition sp\u00e9ciale oblige!, \u00a0<strong>des animations in\u00e9dites\u00a0avec quelques surprises!<\/strong><\/p>\n<p style=\"text-align: center;\">Comme il faut f\u00eater dignement la 10\u00b0 \u00e9dition, nous avons fait appel \u00e0 <strong>NIKOS MAGIC EVENTS<\/strong> qui nous montrera ses talents de magicien. Il tirera aussi de son chapeau 2 structures gonflables qui, en plus d\u2019\u00eatre supers sympas, sont bien dans le th\u00e8me de la manifestation.<\/p>\n<p><img data-recalc-dims=\"1\" loading=\"lazy\" decoding=\"async\" data-attachment-id=\"1520\" data-permalink=\"https:\/\/3hvtt.fr\/index.php\/edition-2019\/img_0913-2\/\" data-orig-file=\"https:\/\/i0.wp.com\/3hvtt.fr\/wp-content\/uploads\/2019\/02\/IMG_0913-e1550850434729.jpg?fit=2448%2C3264&amp;ssl=1\" data-orig-size=\"2448,3264\" data-comments-opened=\"1\" data-image-meta=\"{&quot;aperture&quot;:&quot;2.2&quot;,&quot;credit&quot;:&quot;&quot;,&quot;camera&quot;:&quot;iPhone 5s&quot;,&quot;caption&quot;:&quot;&quot;,&quot;created_timestamp&quot;:&quot;1497448819&quot;,&quot;copyright&quot;:&quot;&quot;,&quot;focal_length&quot;:&quot;4.15&quot;,&quot;iso&quot;:&quot;32&quot;,&quot;shutter_speed&quot;:&quot;0.00051203277009729&quot;,&quot;title&quot;:&quot;&quot;,&quot;orientation&quot;:&quot;6&quot;}\" data-image-title=\"IMG_0913\" data-image-description=\"\" data-image-caption=\"\" data-medium-file=\"https:\/\/i0.wp.com\/3hvtt.fr\/wp-content\/uploads\/2019\/02\/IMG_0913-e1550850434729.jpg?fit=225%2C300&amp;ssl=1\" data-large-file=\"https:\/\/i0.wp.com\/3hvtt.fr\/wp-content\/uploads\/2019\/02\/IMG_0913-e1550850434729.jpg?fit=474%2C632&amp;ssl=1\" class=\"aligncenter size-large wp-image-1520\" src=\"https:\/\/i0.wp.com\/3hvtt.fr\/wp-content\/uploads\/2019\/02\/IMG_0913-e1550850434729-768x1024.jpg?resize=474%2C632\" alt=\"\" width=\"474\" height=\"632\" srcset=\"https:\/\/i0.wp.com\/3hvtt.fr\/wp-content\/uploads\/2019\/02\/IMG_0913-e1550850434729.jpg?resize=768%2C1024&amp;ssl=1 768w, https:\/\/i0.wp.com\/3hvtt.fr\/wp-content\/uploads\/2019\/02\/IMG_0913-e1550850434729.jpg?resize=225%2C300&amp;ssl=1 225w, https:\/\/i0.wp.com\/3hvtt.fr\/wp-content\/uploads\/2019\/02\/IMG_0913-e1550850434729.jpg?w=948 948w, https:\/\/i0.wp.com\/3hvtt.fr\/wp-content\/uploads\/2019\/02\/IMG_0913-e1550850434729.jpg?w=1422 1422w\" sizes=\"auto, (max-width: 474px) 100vw, 474px\" \/><br \/>\n<img data-recalc-dims=\"1\" loading=\"lazy\" decoding=\"async\" data-attachment-id=\"1519\" data-permalink=\"https:\/\/3hvtt.fr\/index.php\/edition-2019\/img_0125\/\" data-orig-file=\"https:\/\/i0.wp.com\/3hvtt.fr\/wp-content\/uploads\/2019\/02\/IMG_0125.jpg?fit=3264%2C2448&amp;ssl=1\" data-orig-size=\"3264,2448\" data-comments-opened=\"1\" data-image-meta=\"{&quot;aperture&quot;:&quot;2.2&quot;,&quot;credit&quot;:&quot;&quot;,&quot;camera&quot;:&quot;iPhone 5s&quot;,&quot;caption&quot;:&quot;&quot;,&quot;created_timestamp&quot;:&quot;1467448033&quot;,&quot;copyright&quot;:&quot;&quot;,&quot;focal_length&quot;:&quot;4.15&quot;,&quot;iso&quot;:&quot;32&quot;,&quot;shutter_speed&quot;:&quot;0.0085470085470085&quot;,&quot;title&quot;:&quot;&quot;,&quot;orientation&quot;:&quot;1&quot;}\" data-image-title=\"IMG_0125\" data-image-description=\"\" data-image-caption=\"\" data-medium-file=\"https:\/\/i0.wp.com\/3hvtt.fr\/wp-content\/uploads\/2019\/02\/IMG_0125.jpg?fit=300%2C225&amp;ssl=1\" data-large-file=\"https:\/\/i0.wp.com\/3hvtt.fr\/wp-content\/uploads\/2019\/02\/IMG_0125.jpg?fit=474%2C356&amp;ssl=1\" class=\"aligncenter size-large wp-image-1519\" src=\"https:\/\/i0.wp.com\/3hvtt.fr\/wp-content\/uploads\/2019\/02\/IMG_0125.jpg?resize=474%2C356\" alt=\"\" width=\"474\" height=\"356\" srcset=\"https:\/\/i0.wp.com\/3hvtt.fr\/wp-content\/uploads\/2019\/02\/IMG_0125.jpg?resize=1024%2C768&amp;ssl=1 1024w, https:\/\/i0.wp.com\/3hvtt.fr\/wp-content\/uploads\/2019\/02\/IMG_0125.jpg?resize=300%2C225&amp;ssl=1 300w, https:\/\/i0.wp.com\/3hvtt.fr\/wp-content\/uploads\/2019\/02\/IMG_0125.jpg?resize=768%2C576&amp;ssl=1 768w, https:\/\/i0.wp.com\/3hvtt.fr\/wp-content\/uploads\/2019\/02\/IMG_0125.jpg?w=948 948w, https:\/\/i0.wp.com\/3hvtt.fr\/wp-content\/uploads\/2019\/02\/IMG_0125.jpg?w=1422 1422w\" sizes=\"auto, (max-width: 474px) 100vw, 474px\" \/><\/p>\n<h2><strong><span style=\"color: #ff0000;\">Les Inscriptions sont ouvertes!!!!!<\/span> <\/strong><\/h2>\n<p><strong>N&rsquo;h\u00e9sitez plus foncez!<\/strong> En plus, vous avez la possibilit\u00e9 de venir en <strong>VTT Electrique<\/strong> dans les <strong>cat\u00e9gories d\u00e9tentes<\/strong> (<strong><span style=\"color: #ff0000;\">rouge<\/span><\/strong> et <strong><span style=\"color: #0000ff;\">bleu<\/span><\/strong>).<\/p>\n<p>Mais pour le moment, nous ne vous en disons pas plus. Revenez visiter le site de temps en temps pour en savoir davantage!<\/p>\n<p>L&rsquo;hiver, notre belle nature dort, mais du c\u00f4t\u00e9 des organisateurs \u00e7a ne chaume pas, soyez-en certain!! Alors ne vous endormez pas et gardez la forme pour \u00eatre au top !<\/p>\n<p style=\"text-align: center;\">A tr\u00e8s bient\u00f4t.<\/p>\n<p>Pour vous motiver allez voir du c\u00f4t\u00e9 des <a href=\"http:\/\/3hvtt.fr\/index.php\/infos\/videos\/\">vid\u00e9os\u00a0<\/a>!<\/p>\n","protected":false},"excerpt":{"rendered":"<p>Et oui, bient\u00f4t 10 ans que le Sentier des vaches est n\u00e9 et prend de l&rsquo;ampleur,\u00a0toujours dans la convivialit\u00e9! 10 ans \u00e7a se f\u00eate!! et ce sera \u00a0le dimanche 14 avril 2019 au plateau de Sor\u00e9mont de Ban de Laveline comme d&rsquo;habitude. Pour cette \u00e9dition sp\u00e9ciale,\u00a0vous allez retrouver\u00a0les\u00a0 3 parcours\u00a0des ann\u00e9es pr\u00e9c\u00e9dentes\u00a0: 1h30 pour les &hellip; <a href=\"https:\/\/3hvtt.fr\/index.php\/edition-2019\/\" class=\"more-link\">Continuer la lecture de <span class=\"screen-reader-text\">Edition 2019<\/span>  <span class=\"meta-nav\">&rarr;<\/span><\/a><\/p>\n","protected":false},"author":4,"featured_media":650,"parent":0,"menu_order":0,"comment_status":"closed","ping_status":"closed","template":"","meta":{"jetpack_post_was_ever_published":false,"footnotes":""},"class_list":["post-1464","page","type-page","status-publish","has-post-thumbnail","hentry"],"jetpack_sharing_enabled":true,"jetpack_shortlink":"https:\/\/wp.me\/P7f8gj-nC","jetpack-related-posts":[],"_links":{"self":[{"href":"https:\/\/3hvtt.fr\/index.php\/wp-json\/wp\/v2\/pages\/1464","targetHints":{"allow":["GET"]}}],"collection":[{"href":"https:\/\/3hvtt.fr\/index.php\/wp-json\/wp\/v2\/pages"}],"about":[{"href":"https:\/\/3hvtt.fr\/index.php\/wp-json\/wp\/v2\/types\/page"}],"author":[{"embeddable":true,"href":"https:\/\/3hvtt.fr\/index.php\/wp-json\/wp\/v2\/users\/4"}],"replies":[{"embeddable":true,"href":"https:\/\/3hvtt.fr\/index.php\/wp-json\/wp\/v2\/comments?post=1464"}],"version-history":[{"count":19,"href":"https:\/\/3hvtt.fr\/index.php\/wp-json\/wp\/v2\/pages\/1464\/revisions"}],"predecessor-version":[{"id":1572,"href":"https:\/\/3hvtt.fr\/index.php\/wp-json\/wp\/v2\/pages\/1464\/revisions\/1572"}],"wp:featuredmedia":[{"embeddable":true,"href":"https:\/\/3hvtt.fr\/index.php\/wp-json\/wp\/v2\/media\/650"}],"wp:attachment":[{"href":"https:\/\/3hvtt.fr\/index.php\/wp-json\/wp\/v2\/media?parent=1464"}],"curies":[{"name":"wp","href":"https:\/\/api.w.org\/{rel}","templated":true}]}}